{"id":461,"date":"2023-11-20T11:20:49","date_gmt":"2023-11-20T10:20:49","guid":{"rendered":"https:\/\/www.pro-vat.pl\/?page_id=461"},"modified":"2023-11-20T11:41:42","modified_gmt":"2023-11-20T10:41:42","slug":"oferta","status":"publish","type":"page","link":"http:\/\/www.pro-vat.pl\/index.php\/oferta\/","title":{"rendered":"Oferta"},"content":{"rendered":"\n<div class=\"wp-block-cover alignfull\" style=\"min-height:600px;aspect-ratio:unset;\"><span aria-hidden=\"true\" class=\"wp-block-cover__background has-nv-light-bg-background-color has-background-dim-100 has-background-dim\"><\/span><div class=\"wp-block-cover__inner-container is-layout-flow wp-block-cover-is-layout-flow\">\n<div class=\"wp-block-group\"><div class=\"wp-block-group__inner-container is-layout-flow wp-block-group-is-layout-flow\">\n<div style=\"height:80px\" aria-hidden=\"true\" class=\"wp-block-spacer\"><\/div>\n\n\n\n<div class=\"wp-block-columns are-vertically-aligned-center has-neve-text-color-color has-text-color is-layout-flex wp-container-core-columns-is-layout-9d6595d7 wp-block-columns-is-layout-flex\">\n<div class=\"wp-block-column is-vertically-aligned-center is-layout-flow wp-block-column-is-layout-flow\" style=\"flex-basis:50%\">\n<figure class=\"wp-block-gallery has-nested-images columns-default is-cropped wp-block-gallery-1 is-layout-flex wp-block-gallery-is-layout-flex\"><div class=\"wp-block-image is-style-default\">\n<figure class=\"aligncenter size-full\"><img fetchpriority=\"high\" decoding=\"async\" width=\"1707\" height=\"2560\" data-id=\"469\" src=\"https:\/\/www.pro-vat.pl\/wp-content\/uploads\/2023\/11\/pexels-nataliya-vaitkevich-6863175-1-scaled.jpg\" alt=\"\" class=\"wp-image-469\" srcset=\"http:\/\/www.pro-vat.pl\/wp-content\/uploads\/2023\/11\/pexels-nataliya-vaitkevich-6863175-1-scaled.jpg 1707w, http:\/\/www.pro-vat.pl\/wp-content\/uploads\/2023\/11\/pexels-nataliya-vaitkevich-6863175-1-200x300.jpg 200w, http:\/\/www.pro-vat.pl\/wp-content\/uploads\/2023\/11\/pexels-nataliya-vaitkevich-6863175-1-683x1024.jpg 683w\" sizes=\"(max-width: 1707px) 100vw, 1707px\" \/><\/figure>\n<\/div><\/figure>\n<\/div>\n\n\n\n<div class=\"wp-block-column is-vertically-aligned-center is-layout-flow wp-block-column-is-layout-flow\" style=\"flex-basis:50%\">\n<h2 class=\"wp-block-heading has-text-align-center has-neve-text-color-color has-text-color\">Oferta<\/h2>\n\n\n\n<p>Jeste\u015bmy do\u015bwiadczonym biurem rachunkowym, specjalizuj\u0105cym si\u0119 w \u015bwiadczeniu kompleksowych us\u0142ug finansowo-ksi\u0119gowych dla r\u00f3\u017cnych rodzaj\u00f3w przedsi\u0119biorstw. Nasza oferta obejmuje szeroki zakres us\u0142ug, kt\u00f3re pomog\u0105 Ci skoncentrowa\u0107 si\u0119 na rozwoju swojej firmy, jednocze\u015bnie zapewniaj\u0105c pe\u0142n\u0105 kontrol\u0119 nad finansami. Oto, czym si\u0119 zajmujemy:<\/p>\n\n\n\n<ol class=\"wp-block-list\">\n<li><strong>Ksi\u0119gowo\u015b\u0107 og\u00f3lna<\/strong>: Zapewniamy kompleksow\u0105 obs\u0142ug\u0119 rachunkow\u0105, w tym prowadzenie pe\u0142nej ksi\u0119gowo\u015bci, rejestracja operacji finansowych, rozliczanie podatk\u00f3w i przygotowywanie raport\u00f3w finansowych. Dzi\u0119ki naszym us\u0142ugom mo\u017cesz mie\u0107 pewno\u015b\u0107, \u017ce Twoje dane finansowe s\u0105 dok\u0142adne i zgodne z obowi\u0105zuj\u0105cymi przepisami.<\/li>\n\n\n\n<li><strong>Rozliczenia podatkowe<\/strong>: Pomagamy w przygotowaniu i z\u0142o\u017ceniu deklaracji podatkowych, w tym PIT, CIT, VAT i inne. Nasi do\u015bwiadczeni ksi\u0119gowi zapewni\u0105, \u017ce Twoje rozliczenia podatkowe s\u0105 prawid\u0142owe i zgodne z aktualnymi przepisami podatkowymi.<\/li>\n\n\n\n<li><strong>P\u0142ace i kadry<\/strong>: \u015awiadczymy us\u0142ugi zwi\u0105zane z obs\u0142ug\u0105 kadrowo-p\u0142acow\u0105, w tym przygotowywanie list p\u0142ac, rozliczanie sk\u0142adek ZUS, sporz\u0105dzanie um\u00f3w o prac\u0119 i \u015bwiadczenie pomocy w sprawach zwi\u0105zanych z kadrami. Dzi\u0119ki temu masz pewno\u015b\u0107, \u017ce Twoi pracownicy s\u0105 odpowiednio wynagradzani, a wszystkie formalno\u015bci zwi\u0105zane z zatrudnieniem s\u0105 za\u0142atwione zgodnie z prawem.<\/li>\n\n\n\n<li><strong>Doradztwo finansowe<\/strong>: Oferujemy r\u00f3wnie\u017c doradztwo finansowe, kt\u00f3re pomo\u017ce Ci w podejmowaniu strategicznych decyzji finansowych. <\/li>\n\n\n\n<li><strong>Obs\u0142uga sp\u00f3\u0142ek<\/strong>: Je\u015bli prowadzisz sp\u00f3\u0142k\u0119, oferujemy specjalistyczn\u0105 obs\u0142ug\u0119 rachunkow\u0105 dla sp\u00f3\u0142ek, w tym przygotowywanie sprawozda\u0144 finansowych, rejestracj\u0119 operacji kapita\u0142owych i inne zwi\u0105zane us\u0142ugi.<\/li>\n\n\n\n<li><strong>Reprezentacja przed organami podatkowymi<\/strong>: Jeste\u015bmy Twoim partnerem w kontaktach z organami podatkowymi. Reprezentujemy Ci\u0119 w przypadku kontroli podatkowej, sporz\u0105dzamy odpowiedzi na pisma urz\u0119dowe i pomagamy w rozwi\u0105zywaniu wszelkich kwestii podatkowych.<\/li>\n<\/ol>\n\n\n\n<p>Zaufaj naszemu do\u015bwiadczeniu i profesjonalizmowi, aby skoncentrowa\u0107 si\u0119 na rozwoju swojej firmy, a my zajmiemy si\u0119 Twoimi sprawami finansowymi. Skontaktuj si\u0119 z nami ju\u017c dzi\u015b, aby om\u00f3wi\u0107 szczeg\u00f3\u0142y i dostosowa\u0107 nasze us\u0142ugi do Twoich indywidualnych potrzeb.<\/p>\n\n\n\n<p><\/p>\n<\/div>\n<\/div>\n\n\n\n<div style=\"height:40px\" aria-hidden=\"true\" class=\"wp-block-spacer\"><\/div>\n<\/div><\/div>\n<\/div><\/div>\n","protected":false},"excerpt":{"rendered":"","protected":false},"author":1,"featured_media":0,"parent":0,"menu_order":0,"comment_status":"closed","ping_status":"closed","template":"","meta":{"om_disable_all_campaigns":false,"_monsterinsights_skip_tracking":false,"_monsterinsights_sitenote_active":false,"_monsterinsights_sitenote_note":"","_monsterinsights_sitenote_category":0,"_uf_show_specific_survey":0,"_uf_disable_surveys":false,"neve_meta_sidebar":"default","neve_meta_container":"default","neve_meta_enable_content_width":"on","neve_meta_content_width":100,"neve_meta_title_alignment":"","neve_meta_author_avatar":"","neve_post_elements_order":"","neve_meta_disable_header":"","neve_meta_disable_footer":"","neve_meta_disable_title":"on","_themeisle_gutenberg_block_has_review":false,"footnotes":""},"class_list":["post-461","page","type-page","status-publish","hentry"],"yoast_head":"<!-- This site is optimized with the Yoast SEO plugin v27.5 - https:\/\/yoast.com\/product\/yoast-seo-wordpress\/ -->\n<title>Oferta - Biuro rachunkowe PRO-VAT<\/title>\n<meta name=\"robots\" content=\"index, follow, max-snippet:-1, max-image-preview:large, max-video-preview:-1\" \/>\n<link rel=\"canonical\" href=\"http:\/\/www.pro-vat.pl\/index.php\/oferta\/\" \/>\n<meta property=\"og:locale\" content=\"pl_PL\" \/>\n<meta property=\"og:type\" content=\"article\" \/>\n<meta property=\"og:title\" content=\"Oferta - Biuro rachunkowe PRO-VAT\" \/>\n<meta property=\"og:url\" content=\"http:\/\/www.pro-vat.pl\/index.php\/oferta\/\" \/>\n<meta property=\"og:site_name\" content=\"Biuro rachunkowe PRO-VAT\" \/>\n<meta property=\"article:modified_time\" content=\"2023-11-20T10:41:42+00:00\" \/>\n<meta property=\"og:image\" content=\"https:\/\/www.pro-vat.pl\/wp-content\/uploads\/2023\/11\/pexels-nataliya-vaitkevich-6863175-1-scaled.jpg\" \/>\n<meta name=\"twitter:card\" content=\"summary_large_image\" \/>\n<meta name=\"twitter:label1\" content=\"Szacowany czas czytania\" \/>\n\t<meta name=\"twitter:data1\" content=\"2 minuty\" \/>\n<script type=\"application\/ld+json\" class=\"yoast-schema-graph\">{\"@context\":\"https:\\\/\\\/schema.org\",\"@graph\":[{\"@type\":\"WebPage\",\"@id\":\"http:\\\/\\\/www.pro-vat.pl\\\/index.php\\\/oferta\\\/\",\"url\":\"http:\\\/\\\/www.pro-vat.pl\\\/index.php\\\/oferta\\\/\",\"name\":\"Oferta - Biuro rachunkowe PRO-VAT\",\"isPartOf\":{\"@id\":\"http:\\\/\\\/www.pro-vat.pl\\\/#website\"},\"primaryImageOfPage\":{\"@id\":\"http:\\\/\\\/www.pro-vat.pl\\\/index.php\\\/oferta\\\/#primaryimage\"},\"image\":{\"@id\":\"http:\\\/\\\/www.pro-vat.pl\\\/index.php\\\/oferta\\\/#primaryimage\"},\"thumbnailUrl\":\"https:\\\/\\\/www.pro-vat.pl\\\/wp-content\\\/uploads\\\/2023\\\/11\\\/pexels-nataliya-vaitkevich-6863175-1-scaled.jpg\",\"datePublished\":\"2023-11-20T10:20:49+00:00\",\"dateModified\":\"2023-11-20T10:41:42+00:00\",\"breadcrumb\":{\"@id\":\"http:\\\/\\\/www.pro-vat.pl\\\/index.php\\\/oferta\\\/#breadcrumb\"},\"inLanguage\":\"pl-PL\",\"potentialAction\":[{\"@type\":\"ReadAction\",\"target\":[\"http:\\\/\\\/www.pro-vat.pl\\\/index.php\\\/oferta\\\/\"]}]},{\"@type\":\"ImageObject\",\"inLanguage\":\"pl-PL\",\"@id\":\"http:\\\/\\\/www.pro-vat.pl\\\/index.php\\\/oferta\\\/#primaryimage\",\"url\":\"http:\\\/\\\/www.pro-vat.pl\\\/wp-content\\\/uploads\\\/2023\\\/11\\\/pexels-nataliya-vaitkevich-6863175-1-scaled.jpg\",\"contentUrl\":\"http:\\\/\\\/www.pro-vat.pl\\\/wp-content\\\/uploads\\\/2023\\\/11\\\/pexels-nataliya-vaitkevich-6863175-1-scaled.jpg\",\"width\":1707,\"height\":2560},{\"@type\":\"BreadcrumbList\",\"@id\":\"http:\\\/\\\/www.pro-vat.pl\\\/index.php\\\/oferta\\\/#breadcrumb\",\"itemListElement\":[{\"@type\":\"ListItem\",\"position\":1,\"name\":\"Strona g\u0142\u00f3wna\",\"item\":\"http:\\\/\\\/www.pro-vat.pl\\\/\"},{\"@type\":\"ListItem\",\"position\":2,\"name\":\"Oferta\"}]},{\"@type\":\"WebSite\",\"@id\":\"http:\\\/\\\/www.pro-vat.pl\\\/#website\",\"url\":\"http:\\\/\\\/www.pro-vat.pl\\\/\",\"name\":\"Biuro rachunkowe PRO-VAT\",\"description\":\"Profesjonalne Us\u0142ugi Ksi\u0119gowe dla Twojej Firmy\",\"publisher\":{\"@id\":\"http:\\\/\\\/www.pro-vat.pl\\\/#organization\"},\"potentialAction\":[{\"@type\":\"SearchAction\",\"target\":{\"@type\":\"EntryPoint\",\"urlTemplate\":\"http:\\\/\\\/www.pro-vat.pl\\\/?s={search_term_string}\"},\"query-input\":{\"@type\":\"PropertyValueSpecification\",\"valueRequired\":true,\"valueName\":\"search_term_string\"}}],\"inLanguage\":\"pl-PL\"},{\"@type\":\"Organization\",\"@id\":\"http:\\\/\\\/www.pro-vat.pl\\\/#organization\",\"name\":\"Biuro rachunkowe PRO-VAT\",\"url\":\"http:\\\/\\\/www.pro-vat.pl\\\/\",\"logo\":{\"@type\":\"ImageObject\",\"inLanguage\":\"pl-PL\",\"@id\":\"http:\\\/\\\/www.pro-vat.pl\\\/#\\\/schema\\\/logo\\\/image\\\/\",\"url\":\"http:\\\/\\\/www.pro-vat.pl\\\/wp-content\\\/uploads\\\/2023\\\/11\\\/provatmaly.jpg\",\"contentUrl\":\"http:\\\/\\\/www.pro-vat.pl\\\/wp-content\\\/uploads\\\/2023\\\/11\\\/provatmaly.jpg\",\"width\":518,\"height\":139,\"caption\":\"Biuro rachunkowe PRO-VAT\"},\"image\":{\"@id\":\"http:\\\/\\\/www.pro-vat.pl\\\/#\\\/schema\\\/logo\\\/image\\\/\"}}]}<\/script>\n<!-- \/ Yoast SEO plugin. -->","yoast_head_json":{"title":"Oferta - Biuro rachunkowe PRO-VAT","robots":{"index":"index","follow":"follow","max-snippet":"max-snippet:-1","max-image-preview":"max-image-preview:large","max-video-preview":"max-video-preview:-1"},"canonical":"http:\/\/www.pro-vat.pl\/index.php\/oferta\/","og_locale":"pl_PL","og_type":"article","og_title":"Oferta - Biuro rachunkowe PRO-VAT","og_url":"http:\/\/www.pro-vat.pl\/index.php\/oferta\/","og_site_name":"Biuro rachunkowe PRO-VAT","article_modified_time":"2023-11-20T10:41:42+00:00","og_image":[{"url":"https:\/\/www.pro-vat.pl\/wp-content\/uploads\/2023\/11\/pexels-nataliya-vaitkevich-6863175-1-scaled.jpg","type":"","width":"","height":""}],"twitter_card":"summary_large_image","twitter_misc":{"Szacowany czas czytania":"2 minuty"},"schema":{"@context":"https:\/\/schema.org","@graph":[{"@type":"WebPage","@id":"http:\/\/www.pro-vat.pl\/index.php\/oferta\/","url":"http:\/\/www.pro-vat.pl\/index.php\/oferta\/","name":"Oferta - Biuro rachunkowe PRO-VAT","isPartOf":{"@id":"http:\/\/www.pro-vat.pl\/#website"},"primaryImageOfPage":{"@id":"http:\/\/www.pro-vat.pl\/index.php\/oferta\/#primaryimage"},"image":{"@id":"http:\/\/www.pro-vat.pl\/index.php\/oferta\/#primaryimage"},"thumbnailUrl":"https:\/\/www.pro-vat.pl\/wp-content\/uploads\/2023\/11\/pexels-nataliya-vaitkevich-6863175-1-scaled.jpg","datePublished":"2023-11-20T10:20:49+00:00","dateModified":"2023-11-20T10:41:42+00:00","breadcrumb":{"@id":"http:\/\/www.pro-vat.pl\/index.php\/oferta\/#breadcrumb"},"inLanguage":"pl-PL","potentialAction":[{"@type":"ReadAction","target":["http:\/\/www.pro-vat.pl\/index.php\/oferta\/"]}]},{"@type":"ImageObject","inLanguage":"pl-PL","@id":"http:\/\/www.pro-vat.pl\/index.php\/oferta\/#primaryimage","url":"http:\/\/www.pro-vat.pl\/wp-content\/uploads\/2023\/11\/pexels-nataliya-vaitkevich-6863175-1-scaled.jpg","contentUrl":"http:\/\/www.pro-vat.pl\/wp-content\/uploads\/2023\/11\/pexels-nataliya-vaitkevich-6863175-1-scaled.jpg","width":1707,"height":2560},{"@type":"BreadcrumbList","@id":"http:\/\/www.pro-vat.pl\/index.php\/oferta\/#breadcrumb","itemListElement":[{"@type":"ListItem","position":1,"name":"Strona g\u0142\u00f3wna","item":"http:\/\/www.pro-vat.pl\/"},{"@type":"ListItem","position":2,"name":"Oferta"}]},{"@type":"WebSite","@id":"http:\/\/www.pro-vat.pl\/#website","url":"http:\/\/www.pro-vat.pl\/","name":"Biuro rachunkowe PRO-VAT","description":"Profesjonalne Us\u0142ugi Ksi\u0119gowe dla Twojej Firmy","publisher":{"@id":"http:\/\/www.pro-vat.pl\/#organization"},"potentialAction":[{"@type":"SearchAction","target":{"@type":"EntryPoint","urlTemplate":"http:\/\/www.pro-vat.pl\/?s={search_term_string}"},"query-input":{"@type":"PropertyValueSpecification","valueRequired":true,"valueName":"search_term_string"}}],"inLanguage":"pl-PL"},{"@type":"Organization","@id":"http:\/\/www.pro-vat.pl\/#organization","name":"Biuro rachunkowe PRO-VAT","url":"http:\/\/www.pro-vat.pl\/","logo":{"@type":"ImageObject","inLanguage":"pl-PL","@id":"http:\/\/www.pro-vat.pl\/#\/schema\/logo\/image\/","url":"http:\/\/www.pro-vat.pl\/wp-content\/uploads\/2023\/11\/provatmaly.jpg","contentUrl":"http:\/\/www.pro-vat.pl\/wp-content\/uploads\/2023\/11\/provatmaly.jpg","width":518,"height":139,"caption":"Biuro rachunkowe PRO-VAT"},"image":{"@id":"http:\/\/www.pro-vat.pl\/#\/schema\/logo\/image\/"}}]}},"_links":{"self":[{"href":"http:\/\/www.pro-vat.pl\/index.php\/wp-json\/wp\/v2\/pages\/461","targetHints":{"allow":["GET"]}}],"collection":[{"href":"http:\/\/www.pro-vat.pl\/index.php\/wp-json\/wp\/v2\/pages"}],"about":[{"href":"http:\/\/www.pro-vat.pl\/index.php\/wp-json\/wp\/v2\/types\/page"}],"author":[{"embeddable":true,"href":"http:\/\/www.pro-vat.pl\/index.php\/wp-json\/wp\/v2\/users\/1"}],"replies":[{"embeddable":true,"href":"http:\/\/www.pro-vat.pl\/index.php\/wp-json\/wp\/v2\/comments?post=461"}],"version-history":[{"count":5,"href":"http:\/\/www.pro-vat.pl\/index.php\/wp-json\/wp\/v2\/pages\/461\/revisions"}],"predecessor-version":[{"id":474,"href":"http:\/\/www.pro-vat.pl\/index.php\/wp-json\/wp\/v2\/pages\/461\/revisions\/474"}],"wp:attachment":[{"href":"http:\/\/www.pro-vat.pl\/index.php\/wp-json\/wp\/v2\/media?parent=461"}],"curies":[{"name":"wp","href":"https:\/\/api.w.org\/{rel}","templated":true}]}}